{"id":7031,"date":"2023-12-19T12:17:38","date_gmt":"2023-12-19T12:17:38","guid":{"rendered":"https:\/\/basetryp.tryplisboacaparica.com\/lisboa-caparica\/"},"modified":"2024-08-21T18:53:25","modified_gmt":"2024-08-21T17:53:25","slug":"madeira","status":"publish","type":"page","link":"https:\/\/www.goldenresidencehotel.com.pt\/es\/madeira\/","title":{"rendered":"Madeira"},"content":{"rendered":"\t\t<div data-elementor-type=\"wp-page\" data-elementor-id=\"7031\" class=\"elementor elementor-7031 elementor-1997\" data-elementor-post-type=\"page\">\n\t\t\t\t<section class=\"elementor-element elementor-element-9d18320 e-con-full e-flex e-con e-parent\" data-id=\"9d18320\" data-element_type=\"container\" data-settings=\"{&quot;background_background&quot;:&quot;classic&quot;}\">\n\t\t<div class=\"elementor-element elementor-element-edc3c07 e-con-full e-flex e-con e-child\" data-id=\"edc3c07\" data-element_type=\"container\">\n\t\t\t\t<div class=\"elementor-element elementor-element-14f695f elementor-widget elementor-widget-heading\" data-id=\"14f695f\" data-element_type=\"widget\" data-widget_type=\"heading.default\">\n\t\t\t\t<div class=\"elementor-widget-container\">\n\t\t\t\t\t<h1 class=\"elementor-heading-title elementor-size-default\">Madeira<\/h1>\t\t\t\t<\/div>\n\t\t\t\t<\/div>\n\t\t\t\t<\/div>\n\t\t\t\t<\/section>\n\t\t<section class=\"elementor-element elementor-element-8e7a29a e-con-full e-flex e-con e-parent\" data-id=\"8e7a29a\" data-element_type=\"container\">\n\t\t\t\t<div class=\"elementor-element elementor-element-5428f0b elementor-widget elementor-widget-text-editor\" data-id=\"5428f0b\" data-element_type=\"widget\" data-widget_type=\"text-editor.default\">\n\t\t\t\t<div class=\"elementor-widget-container\">\n\t\t\t\t\t\t\t\t\t<p>Situada en el oc\u00e9ano Atl\u00e1ntico, la isla de Madeira es conocida por sus impresionantes paisajes y su clima suave durante todo el a\u00f1o. Con sus impresionantes acantilados, bosques y flores ex\u00f3ticas, Madeira es un destino de ensue\u00f1o para los amantes de la naturaleza. La capital, Funchal, es una ciudad vibrante que mezcla historia y modernidad. Pasear por el Mercado dos Lavradores, visitar la Catedral de Funchal y explorar los jardines bot\u00e1nicos son algunas de las atracciones imprescindibles.<\/p><p>La isla de Madeira tambi\u00e9n es famosa por sus levadas, canales de riego que serpentean por monta\u00f1as y valles, proporcionando senderos panor\u00e1micos \u00fanicos. Para los m\u00e1s aventureros, el Pico Ruivo ofrece una desafiante caminata con vistas espectaculares desde el punto m\u00e1s alto de la isla.<\/p><p>Madeira posee un rico patrimonio cultural, reflejado en sus animadas fiestas, como el Carnaval y la Fiesta de las Flores, que atraen a visitantes de todo el mundo. La gastronom\u00eda local es otro punto fuerte, con platos tradicionales como el pescado de sable negro con pl\u00e1tano y los kebabs madeirenses. No podemos olvidar el famoso vino de Madeira, apreciado internacionalmente.<\/p><p>Adem\u00e1s de sus atractivos naturales y culturales, Madeira es un excelente punto de partida para explorar islas vecinas como Porto Santo, conocida por sus playas doradas. Con su combinaci\u00f3n \u00fanica de belleza natural, vibrante cultura y deliciosa gastronom\u00eda, la isla de Madeira es un destino inolvidable para cualquier viajero.<\/p>\t\t\t\t\t\t\t\t<\/div>\n\t\t\t\t<\/div>\n\t\t\t\t<\/section>\n\t\t<div class=\"elementor-element elementor-element-484e8bf e-con-full e-flex e-con e-parent\" data-id=\"484e8bf\" data-element_type=\"container\">\n\t\t\t\t<div class=\"elementor-element elementor-element-5b88a1e elementor-widget elementor-widget-heading\" data-id=\"5b88a1e\" data-element_type=\"widget\" data-widget_type=\"heading.default\">\n\t\t\t\t<div class=\"elementor-widget-container\">\n\t\t\t\t\t<h5 class=\"elementor-heading-title elementor-size-default\">Galer\u00eda de im\u00e1genes<\/h5>\t\t\t\t<\/div>\n\t\t\t\t<\/div>\n\t\t\t\t<div class=\"elementor-element elementor-element-33fcce4 elementor-skin-carousel elementor-arrows-yes elementor-pagination-type-bullets elementor-pagination-position-outside elementor-widget elementor-widget-hoti-gallery-slider\" data-id=\"33fcce4\" data-element_type=\"widget\" data-settings=\"{&quot;slides_per_view&quot;:&quot;3&quot;,&quot;skin&quot;:&quot;carousel&quot;,&quot;effect&quot;:&quot;slide&quot;,&quot;show_arrows&quot;:&quot;yes&quot;,&quot;pagination&quot;:&quot;bullets&quot;,&quot;speed&quot;:500,&quot;autoplay&quot;:&quot;yes&quot;,&quot;autoplay_speed&quot;:5000,&quot;pause_on_hover&quot;:&quot;yes&quot;,&quot;pause_on_interaction&quot;:&quot;yes&quot;,&quot;space_between&quot;:{&quot;unit&quot;:&quot;px&quot;,&quot;size&quot;:10,&quot;sizes&quot;:[]},&quot;space_between_tablet_extra&quot;:{&quot;unit&quot;:&quot;px&quot;,&quot;size&quot;:10,&quot;sizes&quot;:[]},&quot;space_between_tablet&quot;:{&quot;unit&quot;:&quot;px&quot;,&quot;size&quot;:10,&quot;sizes&quot;:[]},&quot;space_between_mobile_extra&quot;:{&quot;unit&quot;:&quot;px&quot;,&quot;size&quot;:10,&quot;sizes&quot;:[]},&quot;space_between_mobile&quot;:{&quot;unit&quot;:&quot;px&quot;,&quot;size&quot;:10,&quot;sizes&quot;:[]}}\" data-widget_type=\"hoti-gallery-slider.default\">\n\t\t\t\t<div class=\"elementor-widget-container\">\n\t\t\t\t\t\t\t\t\t<div class=\"elementor-swiper\">\n\t\t\t\t\t<div class=\"elementor-main-swiper swiper\" role=\"region\" aria-roledescription=\"carousel\" aria-label=\"Diapositivas\">\n\t\t\t\t<div class=\"swiper-wrapper\">\n\t\t\t\t\t\t\t\t\t\t\t<div class=\"swiper-slide\" role=\"group\" aria-roledescription=\"slide\">\n\t\t\t\t\t\t\t\t\t<div class=\"elementor-carousel-image landscape\" role=\"img\" aria-label=\"Galeria1\" style=\"background-image: url(&#039;https:\/\/www.goldenresidencehotel.com.pt\/wp-content\/uploads\/sites\/27\/2023\/11\/Galeria1.jpg&#039;)\">\r\n\r\n\t\t\t\r\n\t\t\t\t\t<\/div>\r\n\t\t\t\t\t\t\t\t<\/div>\n\t\t\t\t\t\t\t\t\t\t\t<div class=\"swiper-slide\" role=\"group\" aria-roledescription=\"slide\">\n\t\t\t\t\t\t\t\t\t<div class=\"elementor-carousel-image landscape\" role=\"img\" aria-label=\"Galeria 1\" style=\"background-image: url(&#039;https:\/\/www.goldenresidencehotel.com.pt\/wp-content\/uploads\/sites\/27\/2024\/07\/Galeria-1.jpg&#039;)\">\r\n\r\n\t\t\t\r\n\t\t\t\t\t<\/div>\r\n\t\t\t\t\t\t\t\t<\/div>\n\t\t\t\t\t\t\t\t\t\t\t<div class=\"swiper-slide\" role=\"group\" aria-roledescription=\"slide\">\n\t\t\t\t\t\t\t\t\t<div class=\"elementor-carousel-image landscape\" role=\"img\" aria-label=\"Galeria 2\" style=\"background-image: url(&#039;https:\/\/www.goldenresidencehotel.com.pt\/wp-content\/uploads\/sites\/27\/2024\/07\/Galeria-2.jpg&#039;)\">\r\n\r\n\t\t\t\r\n\t\t\t\t\t<\/div>\r\n\t\t\t\t\t\t\t\t<\/div>\n\t\t\t\t\t\t\t\t\t\t\t<div class=\"swiper-slide\" role=\"group\" aria-roledescription=\"slide\">\n\t\t\t\t\t\t\t\t\t<div class=\"elementor-carousel-image landscape\" role=\"img\" aria-label=\"Galeria2\" style=\"background-image: url(&#039;https:\/\/www.goldenresidencehotel.com.pt\/wp-content\/uploads\/sites\/27\/2023\/11\/Galeria2.jpg&#039;)\">\r\n\r\n\t\t\t\r\n\t\t\t\t\t<\/div>\r\n\t\t\t\t\t\t\t\t<\/div>\n\t\t\t\t\t\t\t\t\t\t\t<div class=\"swiper-slide\" role=\"group\" aria-roledescription=\"slide\">\n\t\t\t\t\t\t\t\t\t<div class=\"elementor-carousel-image landscape\" role=\"img\" aria-label=\"Galeria7\" style=\"background-image: url(&#039;https:\/\/www.goldenresidencehotel.com.pt\/wp-content\/uploads\/sites\/27\/2023\/11\/Galeria7.jpg&#039;)\">\r\n\r\n\t\t\t\r\n\t\t\t\t\t<\/div>\r\n\t\t\t\t\t\t\t\t<\/div>\n\t\t\t\t\t\t\t\t\t\t\t<div class=\"swiper-slide\" role=\"group\" aria-roledescription=\"slide\">\n\t\t\t\t\t\t\t\t\t<div class=\"elementor-carousel-image landscape\" role=\"img\" aria-label=\"Galeria 3\" style=\"background-image: url(&#039;https:\/\/www.goldenresidencehotel.com.pt\/wp-content\/uploads\/sites\/27\/2024\/07\/Galeria-3.jpg&#039;)\">\r\n\r\n\t\t\t\r\n\t\t\t\t\t<\/div>\r\n\t\t\t\t\t\t\t\t<\/div>\n\t\t\t\t\t\t\t\t\t<\/div>\n\t\t\t\t\t\t\t\t\t\t\t\t\t\t\t<div class=\"elementor-swiper-button elementor-swiper-button-prev\" role=\"button\" tabindex=\"0\" aria-label=\"Anterior\">\n\t\t\t\t\t\t\t<i aria-hidden=\"true\" class=\"eicon-chevron-left\"><\/i>\t\t\t\t\t\t<\/div>\n\t\t\t\t\t\t<div class=\"elementor-swiper-button elementor-swiper-button-next\" role=\"button\" tabindex=\"0\" aria-label=\"Siguiente\">\n\t\t\t\t\t\t\t<i aria-hidden=\"true\" class=\"eicon-chevron-right\"><\/i>\t\t\t\t\t\t<\/div>\n\t\t\t\t\t\t\t\t\t\t\t\t\t\t\t\t<div class=\"swiper-pagination\"><\/div>\n\t\t\t\t\t\t\t\t\t\t\t\t<\/div>\n\t\t\t\t<\/div>\n\t\t\t\t\t\t\t\t<\/div>\n\t\t\t\t<\/div>\n\t\t\t\t<\/div>\n\t\t<section class=\"elementor-element elementor-element-5be6fa1 e-con-full e-flex e-con e-parent\" data-id=\"5be6fa1\" data-element_type=\"container\">\n\t\t<div class=\"elementor-element elementor-element-637ccd9 e-con-full e-flex e-con e-child\" data-id=\"637ccd9\" data-element_type=\"container\">\n\t\t<div class=\"elementor-element elementor-element-55df4ad e-con-full e-flex e-con e-child\" data-id=\"55df4ad\" data-element_type=\"container\">\n\t\t\t\t<div class=\"elementor-element elementor-element-650bc2a elementor-widget elementor-widget-heading\" data-id=\"650bc2a\" data-element_type=\"widget\" data-widget_type=\"heading.default\">\n\t\t\t\t<div class=\"elementor-widget-container\">\n\t\t\t\t\t<h2 class=\"elementor-heading-title elementor-size-default\">EXPLORE LA ISLA<\/h2>\t\t\t\t<\/div>\n\t\t\t\t<\/div>\n\t\t\t\t<div class=\"elementor-element elementor-element-1062144 elementor-widget elementor-widget-heading\" data-id=\"1062144\" data-element_type=\"widget\" data-widget_type=\"heading.default\">\n\t\t\t\t<div class=\"elementor-widget-container\">\n\t\t\t\t\t<h2 class=\"elementor-heading-title elementor-size-default\"> DE MADEIRA<\/h2>\t\t\t\t<\/div>\n\t\t\t\t<\/div>\n\t\t\t\t<div class=\"elementor-element elementor-element-da84be1 elementor-widget__width-initial elementor-widget elementor-widget-text-editor\" data-id=\"da84be1\" data-element_type=\"widget\" data-widget_type=\"text-editor.default\">\n\t\t\t\t<div class=\"elementor-widget-container\">\n\t\t\t\t\t\t\t\t\t<ul><li>Descubra una isla de paisajes exuberantes y clima suave, donde la naturaleza impresionante se une al patrimonio cultural.<\/li><li>Explore los senderos de levada y marav\u00edllese con las vistas panor\u00e1micas sobre el Pico Ruivo y otros miradores espectaculares.<\/li><li>Visite los encantadores jardines bot\u00e1nicos y pasee por las hist\u00f3ricas calles de Funchal, la capital de la isla.<\/li><li>Participe en los coloridos festivales y acontecimientos culturales que animan Madeira durante todo el a\u00f1o, como el Carnaval y la Fiesta de las Flores.<\/li><li>Para los amantes del deporte, Madeira ofrece una gran variedad de actividades al aire libre, como senderismo, golf y deportes n\u00e1uticos en sus aguas cristalinas.<\/li><li>Disfrute de platos tradicionales como el pescado de vaina negra con pl\u00e1tano y las brochetas madeirenses, y no deje de probar el exclusivo vino de Madeira.<\/li><\/ul>\t\t\t\t\t\t\t\t<\/div>\n\t\t\t\t<\/div>\n\t\t\t\t<\/div>\n\t\t\t\t<\/div>\n\t\t<div class=\"elementor-element elementor-element-65d27bb e-con-full e-flex e-con e-child\" data-id=\"65d27bb\" data-element_type=\"container\" data-settings=\"{&quot;background_background&quot;:&quot;classic&quot;}\">\n\t\t\t\t<div class=\"elementor-element elementor-element-bcfdf42 elementor-widget elementor-widget-spacer\" data-id=\"bcfdf42\" data-element_type=\"widget\" data-widget_type=\"spacer.default\">\n\t\t\t\t<div class=\"elementor-widget-container\">\n\t\t\t\t\t\t\t<div class=\"elementor-spacer\">\n\t\t\t<div class=\"elementor-spacer-inner\"><\/div>\n\t\t<\/div>\n\t\t\t\t\t\t<\/div>\n\t\t\t\t<\/div>\n\t\t\t\t<\/div>\n\t\t\t\t<\/section>\n\t\t<section class=\"elementor-element elementor-element-540cb73 e-con-full e-flex e-con e-parent\" data-id=\"540cb73\" data-element_type=\"container\">\n\t\t<div class=\"elementor-element elementor-element-e3e1f7c e-con-full e-flex e-con e-child\" data-id=\"e3e1f7c\" data-element_type=\"container\" data-settings=\"{&quot;background_background&quot;:&quot;classic&quot;}\">\n\t\t\t\t<div class=\"elementor-element elementor-element-917d9c4 elementor-widget elementor-widget-spacer\" data-id=\"917d9c4\" data-element_type=\"widget\" data-widget_type=\"spacer.default\">\n\t\t\t\t<div class=\"elementor-widget-container\">\n\t\t\t\t\t\t\t<div class=\"elementor-spacer\">\n\t\t\t<div class=\"elementor-spacer-inner\"><\/div>\n\t\t<\/div>\n\t\t\t\t\t\t<\/div>\n\t\t\t\t<\/div>\n\t\t\t\t<\/div>\n\t\t<div class=\"elementor-element elementor-element-75fb5c0 e-con-full e-flex e-con e-child\" data-id=\"75fb5c0\" data-element_type=\"container\">\n\t\t<div class=\"elementor-element elementor-element-5fdd577 e-con-full e-flex e-con e-child\" data-id=\"5fdd577\" data-element_type=\"container\">\n\t\t\t\t<div class=\"elementor-element elementor-element-3395003 elementor-widget elementor-widget-heading\" data-id=\"3395003\" data-element_type=\"widget\" data-widget_type=\"heading.default\">\n\t\t\t\t<div class=\"elementor-widget-container\">\n\t\t\t\t\t<h2 class=\"elementor-heading-title elementor-size-default\">SENTIR LA ISLA<\/h2>\t\t\t\t<\/div>\n\t\t\t\t<\/div>\n\t\t\t\t<div class=\"elementor-element elementor-element-eb30610 elementor-widget elementor-widget-heading\" data-id=\"eb30610\" data-element_type=\"widget\" data-widget_type=\"heading.default\">\n\t\t\t\t<div class=\"elementor-widget-container\">\n\t\t\t\t\t<h2 class=\"elementor-heading-title elementor-size-default\"> DE MADEIRA<\/h2>\t\t\t\t<\/div>\n\t\t\t\t<\/div>\n\t\t\t\t<div class=\"elementor-element elementor-element-ca4faff elementor-widget elementor-widget-text-editor\" data-id=\"ca4faff\" data-element_type=\"widget\" data-widget_type=\"text-editor.default\">\n\t\t\t\t<div class=\"elementor-widget-container\">\n\t\t\t\t\t\t\t\t\t<p>Situada en medio del oc\u00e9ano Atl\u00e1ntico, Madeira es una isla arraigada en la naturaleza, la cultura y la tradici\u00f3n. Conocida como la &#8220;Perla del Atl\u00e1ntico&#8221;, esta isla ofrece una experiencia \u00fanica a quienes la visitan. Reconocida por sus impresionantes jardines, paisajes y gastronom\u00eda, Madeira es una isla ideal para realizar actividades al aire libre, como senderismo, pero tambi\u00e9n para relajarse en un hermoso d\u00eda soleado. Para los amantes de la gastronom\u00eda, Madeira es un aut\u00e9ntico para\u00edso. Pruebe platos t\u00edpicos como el bolo do caco, el kebab madeirense, y saboree el famoso vino de Madeira.<\/p>\t\t\t\t\t\t\t\t<\/div>\n\t\t\t\t<\/div>\n\t\t\t\t<\/div>\n\t\t\t\t<\/div>\n\t\t\t\t<\/section>\n\t\t<div class=\"elementor-element elementor-element-6d9b414 e-con-full e-flex e-con e-parent\" data-id=\"6d9b414\" data-element_type=\"container\">\n\t\t\t\t<div class=\"elementor-element elementor-element-cbaed58 elementor-widget elementor-widget-heading\" data-id=\"cbaed58\" data-element_type=\"widget\" data-widget_type=\"heading.default\">\n\t\t\t\t<div class=\"elementor-widget-container\">\n\t\t\t\t\t<h5 class=\"elementor-heading-title elementor-size-default\">Qu\u00e9 ver y hacer<\/h5>\t\t\t\t<\/div>\n\t\t\t\t<\/div>\n\t\t<div class=\"elementor-element elementor-element-b346bc2 e-con-full e-flex e-con e-child\" data-id=\"b346bc2\" data-element_type=\"container\">\n\t\t\t\t<div class=\"elementor-element elementor-element-740e4bc elementor-widget elementor-widget-n-carousel\" data-id=\"740e4bc\" data-element_type=\"widget\" data-settings=\"{&quot;carousel_items&quot;:[{&quot;slide_title&quot;:&quot;Slide #1&quot;,&quot;_id&quot;:&quot;bc1ad8d&quot;},{&quot;slide_title&quot;:&quot;Slide #2&quot;,&quot;_id&quot;:&quot;817f723&quot;},{&quot;slide_title&quot;:&quot;Slide #3&quot;,&quot;_id&quot;:&quot;f0475f9&quot;},{&quot;_id&quot;:&quot;ca82639&quot;,&quot;slide_title&quot;:&quot;Slide #4&quot;},{&quot;slide_title&quot;:&quot;Slide #5&quot;,&quot;_id&quot;:&quot;3e13ca0&quot;},{&quot;slide_title&quot;:&quot;Slide #6&quot;,&quot;_id&quot;:&quot;56202a0&quot;},{&quot;slide_title&quot;:&quot;Slide #7&quot;,&quot;_id&quot;:&quot;d1a99a4&quot;}],&quot;slides_to_show&quot;:&quot;4&quot;,&quot;image_spacing_custom&quot;:{&quot;unit&quot;:&quot;px&quot;,&quot;size&quot;:30,&quot;sizes&quot;:[]},&quot;slides_to_show_mobile_extra&quot;:&quot;1&quot;,&quot;slides_to_scroll_mobile_extra&quot;:&quot;1&quot;,&quot;slides_to_show_tablet&quot;:&quot;2&quot;,&quot;slides_to_show_mobile&quot;:&quot;1&quot;,&quot;autoplay&quot;:&quot;yes&quot;,&quot;autoplay_speed&quot;:5000,&quot;pause_on_hover&quot;:&quot;yes&quot;,&quot;pause_on_interaction&quot;:&quot;yes&quot;,&quot;speed&quot;:500,&quot;image_spacing_custom_tablet_extra&quot;:{&quot;unit&quot;:&quot;px&quot;,&quot;size&quot;:&quot;&quot;,&quot;sizes&quot;:[]},&quot;image_spacing_custom_tablet&quot;:{&quot;unit&quot;:&quot;px&quot;,&quot;size&quot;:&quot;&quot;,&quot;sizes&quot;:[]},&quot;image_spacing_custom_mobile_extra&quot;:{&quot;unit&quot;:&quot;px&quot;,&quot;size&quot;:&quot;&quot;,&quot;sizes&quot;:[]},&quot;image_spacing_custom_mobile&quot;:{&quot;unit&quot;:&quot;px&quot;,&quot;size&quot;:&quot;&quot;,&quot;sizes&quot;:[]}}\" data-widget_type=\"nested-carousel.default\">\n\t\t\t\t<div class=\"elementor-widget-container\">\n\t\t\t\t\t\t\t<div class=\"e-n-carousel swiper\" role=\"region\" aria-roledescription=\"carousel\" aria-label=\"Carrusel\" dir=\"ltr\">\n\t\t\t<div class=\"swiper-wrapper\" aria-live=\"off\">\n\t\t\t\t\t\t\t\t\t\t<div class=\"swiper-slide\" data-slide=\"1\" role=\"group\" aria-roledescription=\"slide\" aria-label=\"1 of 7\">\n\t\t\t\t\t\t\t<div class=\"elementor-element elementor-element-53701c7 e-flex e-con-boxed e-con e-child\" data-id=\"53701c7\" data-element_type=\"container\">\n\t\t\t\t\t<div class=\"e-con-inner\">\n\t\t<div class=\"elementor-element elementor-element-89754ef e-con-full e-flex e-con e-child\" data-id=\"89754ef\" data-element_type=\"container\">\n\t\t\t\t<div class=\"elementor-element elementor-element-e0a8418 elementor-widget__width-initial elementor-position-top elementor-widget elementor-widget-image-box\" data-id=\"e0a8418\" data-element_type=\"widget\" data-widget_type=\"image-box.default\">\n\t\t\t\t<div class=\"elementor-widget-container\">\n\t\t\t\t\t<div class=\"elementor-image-box-wrapper\"><figure class=\"elementor-image-box-img\"><img decoding=\"async\" src=\"https:\/\/www.goldenresidencehotel.com.pt\/wp-content\/uploads\/sites\/27\/elementor\/thumbs\/Funchal-qtzxtwlnqiwikz12n3ijsnxlwthprdc9nnl41rzih4.jpg\" title=\"Funchal\" alt=\"Funchal\" loading=\"lazy\" \/><\/figure><div class=\"elementor-image-box-content\"><h3 class=\"elementor-image-box-title\">Funchal<\/h3><p class=\"elementor-image-box-description\">La capital del archipi\u00e9lago est\u00e1 situada en la costa sur de la isla de Madeira, en una hermosa bah\u00eda ba\u00f1ada por las c\u00e1lidas aguas del oc\u00e9ano Atl\u00e1ntico, rodeada de altas monta\u00f1as verdes y profundos valles. Descubra qu\u00e9 ver y qu\u00e9 visitar en Funchal y aproveche al m\u00e1ximo la oferta tur\u00edstica de Madeira.<\/p><\/div><\/div>\t\t\t\t<\/div>\n\t\t\t\t<\/div>\n\t\t\t\t<\/div>\n\t\t\t\t\t<\/div>\n\t\t\t\t<\/div>\n\t\t\t\t\t\t\t\t<\/div>\n\t\t\t\t\t\t\t\t\t\t\t<div class=\"swiper-slide\" data-slide=\"2\" role=\"group\" aria-roledescription=\"slide\" aria-label=\"2 of 7\">\n\t\t\t\t\t\t\t<div class=\"elementor-element elementor-element-f76e8da e-flex e-con-boxed e-con e-child\" data-id=\"f76e8da\" data-element_type=\"container\">\n\t\t\t\t\t<div class=\"e-con-inner\">\n\t\t\t\t<div class=\"elementor-element elementor-element-357ba66 elementor-widget__width-initial elementor-position-top elementor-widget elementor-widget-image-box\" data-id=\"357ba66\" data-element_type=\"widget\" data-widget_type=\"image-box.default\">\n\t\t\t\t<div class=\"elementor-widget-container\">\n\t\t\t\t\t<div class=\"elementor-image-box-wrapper\"><figure class=\"elementor-image-box-img\"><img decoding=\"async\" src=\"https:\/\/www.goldenresidencehotel.com.pt\/wp-content\/uploads\/sites\/27\/elementor\/thumbs\/Costa-Oeste-qtzxtwlnqiwikz12n3ijsnxlwthprdc9nnl41rzih4.jpg\" title=\"Costa Oeste\" alt=\"Costa Oeste\" loading=\"lazy\" \/><\/figure><div class=\"elementor-image-box-content\"><h3 class=\"elementor-image-box-title\">Costa Oeste<\/h3><p class=\"elementor-image-box-description\">La costa oeste es la parte m\u00e1s soleada de Madeira.\nBa\u00f1ada por un mar transparente y c\u00e1lido, la mayor\u00eda de sus diferentes localidades cuentan con atractivas zonas de ba\u00f1o que invitan a nadar y practicar snorkel. Los amantes del deporte encontrar\u00e1n las mejores olas de Europa para practicar surf en las playas de Jardim y Paul do Mar.\nVisite tambi\u00e9n: Ponta do Sol y C\u00e2mara de Lobos<\/p><\/div><\/div>\t\t\t\t<\/div>\n\t\t\t\t<\/div>\n\t\t\t\t\t<\/div>\n\t\t\t\t<\/div>\n\t\t\t\t\t\t\t\t<\/div>\n\t\t\t\t\t\t\t\t\t\t\t<div class=\"swiper-slide\" data-slide=\"3\" role=\"group\" aria-roledescription=\"slide\" aria-label=\"3 of 7\">\n\t\t\t\t\t\t\t<div class=\"elementor-element elementor-element-2733f80 e-flex e-con-boxed e-con e-child\" data-id=\"2733f80\" data-element_type=\"container\">\n\t\t\t\t\t<div class=\"e-con-inner\">\n\t\t\t\t<div class=\"elementor-element elementor-element-ca50de8 elementor-widget__width-initial elementor-position-top elementor-widget elementor-widget-image-box\" data-id=\"ca50de8\" data-element_type=\"widget\" data-widget_type=\"image-box.default\">\n\t\t\t\t<div class=\"elementor-widget-container\">\n\t\t\t\t\t<div class=\"elementor-image-box-wrapper\"><figure class=\"elementor-image-box-img\"><img decoding=\"async\" src=\"https:\/\/www.goldenresidencehotel.com.pt\/wp-content\/uploads\/sites\/27\/elementor\/thumbs\/Cestos-qtzxtwlnqiwikz12n3ijsnxlwthprdc9nnl41rzih4.jpg\" title=\"Cestos\" alt=\"Cestos\" loading=\"lazy\" \/><\/figure><div class=\"elementor-image-box-content\"><h3 class=\"elementor-image-box-title\">Cestas<\/h3><p class=\"elementor-image-box-description\">Las cestas de la isla de Madeira, conocidas como \"carros de cesto\", son una de las atracciones m\u00e1s emblem\u00e1ticas y tradicionales de la isla. Originarias del siglo XIX, estas cestas de mimbre, montadas sobre patines de madera, ofrecen una experiencia \u00fanica y emocionante. Guiadas por \"carreiros\" ataviados con trajes tradicionales, las cestas se deslizan por un empinado camino de dos kil\u00f3metros desde Monte hasta Funchal. Esta emocionante aventura no s\u00f3lo proporciona un subid\u00f3n de adrenalina, sino que tambi\u00e9n ofrece impresionantes vistas panor\u00e1micas, combinando tradici\u00f3n y diversi\u00f3n en una sola experiencia.<\/p><\/div><\/div>\t\t\t\t<\/div>\n\t\t\t\t<\/div>\n\t\t\t\t\t<\/div>\n\t\t\t\t<\/div>\n\t\t\t\t\t\t\t\t<\/div>\n\t\t\t\t\t\t\t\t\t\t\t<div class=\"swiper-slide\" data-slide=\"4\" role=\"group\" aria-roledescription=\"slide\" aria-label=\"4 of 7\">\n\t\t\t\t\t\t\t<div class=\"elementor-element elementor-element-1061503 e-flex e-con-boxed e-con e-child\" data-id=\"1061503\" data-element_type=\"container\">\n\t\t\t\t\t<div class=\"e-con-inner\">\n\t\t\t\t<div class=\"elementor-element elementor-element-461a763 elementor-widget__width-initial elementor-position-top elementor-widget elementor-widget-image-box\" data-id=\"461a763\" data-element_type=\"widget\" data-widget_type=\"image-box.default\">\n\t\t\t\t<div class=\"elementor-widget-container\">\n\t\t\t\t\t<div class=\"elementor-image-box-wrapper\"><figure class=\"elementor-image-box-img\"><img decoding=\"async\" src=\"https:\/\/www.goldenresidencehotel.com.pt\/wp-content\/uploads\/sites\/27\/elementor\/thumbs\/Jardins-qtzxtwlnqiwikz12n3ijsnxlwthprdc9nnl41rzih4.jpg\" title=\"Jardins\" alt=\"Jardins\" loading=\"lazy\" \/><\/figure><div class=\"elementor-image-box-content\"><h3 class=\"elementor-image-box-title\">Jardins<\/h3><p class=\"elementor-image-box-description\">La isla de Madeira es un para\u00edso bot\u00e1nico, con exuberantes jardines que muestran una gran diversidad de plantas ex\u00f3ticas y end\u00e9micas. El Jard\u00edn Bot\u00e1nico de Madeira, en Funchal, ofrece unas vistas impresionantes y una rica colecci\u00f3n de flora. El Jard\u00edn Tropical Monte Palace encanta con sus plantas tropicales y estanques ornamentales. Los jardines de Palheiro, o Jard\u00edn de Blandy, son conocidos por sus camelias y flores que florecen todo el a\u00f1o. Cada jard\u00edn es un oasis de belleza natural y tranquilidad.<\/p><\/div><\/div>\t\t\t\t<\/div>\n\t\t\t\t<\/div>\n\t\t\t\t\t<\/div>\n\t\t\t\t<\/div>\n\t\t\t\t\t\t\t\t<\/div>\n\t\t\t\t\t\t\t\t\t\t\t<div class=\"swiper-slide\" data-slide=\"5\" role=\"group\" aria-roledescription=\"slide\" aria-label=\"5 of 7\">\n\t\t\t\t\t\t\t<div class=\"elementor-element elementor-element-20f2f59 e-flex e-con-boxed e-con e-child\" data-id=\"20f2f59\" data-element_type=\"container\">\n\t\t\t\t\t<div class=\"e-con-inner\">\n\t\t\t\t<div class=\"elementor-element elementor-element-be44469 elementor-widget__width-initial elementor-position-top elementor-widget elementor-widget-image-box\" data-id=\"be44469\" data-element_type=\"widget\" data-widget_type=\"image-box.default\">\n\t\t\t\t<div class=\"elementor-widget-container\">\n\t\t\t\t\t<div class=\"elementor-image-box-wrapper\"><figure class=\"elementor-image-box-img\"><img decoding=\"async\" src=\"https:\/\/www.goldenresidencehotel.com.pt\/wp-content\/uploads\/sites\/27\/elementor\/thumbs\/Pico-qtzxtwlnqiwikz12n3ijsnxlwthprdc9nnl41rzih4.jpg\" title=\"Pico\" alt=\"Pico\" loading=\"lazy\" \/><\/figure><div class=\"elementor-image-box-content\"><h3 class=\"elementor-image-box-title\">Pico<\/h3><p class=\"elementor-image-box-description\">Pico Ruivo, el punto m\u00e1s alto de la isla de Madeira, se eleva majestuoso a 1.862 metros de altitud, ofreciendo espectaculares vistas panor\u00e1micas que se extienden por toda la isla. Accesible a trav\u00e9s de desafiantes senderos, como los del Pico do Arieiro, este destino es un para\u00edso para los amantes del senderismo y la naturaleza. En la cima, la sensaci\u00f3n de estar por encima de las nubes es indescriptible, proporcionando una recompensa inigualable a todos aquellos que se aventuren a conquistarla.<\/p><\/div><\/div>\t\t\t\t<\/div>\n\t\t\t\t<\/div>\n\t\t\t\t\t<\/div>\n\t\t\t\t<\/div>\n\t\t\t\t\t\t\t\t<\/div>\n\t\t\t\t\t\t\t\t\t\t\t<div class=\"swiper-slide\" data-slide=\"6\" role=\"group\" aria-roledescription=\"slide\" aria-label=\"6 of 7\">\n\t\t\t\t\t\t\t<div class=\"elementor-element elementor-element-5a38439 e-flex e-con-boxed e-con e-child\" data-id=\"5a38439\" data-element_type=\"container\">\n\t\t\t\t\t<div class=\"e-con-inner\">\n\t\t\t\t<div class=\"elementor-element elementor-element-be8dbc4 elementor-widget__width-initial elementor-position-top elementor-widget elementor-widget-image-box\" data-id=\"be8dbc4\" data-element_type=\"widget\" data-widget_type=\"image-box.default\">\n\t\t\t\t<div class=\"elementor-widget-container\">\n\t\t\t\t\t<div class=\"elementor-image-box-wrapper\"><figure class=\"elementor-image-box-img\"><img decoding=\"async\" src=\"https:\/\/www.goldenresidencehotel.com.pt\/wp-content\/uploads\/sites\/27\/elementor\/thumbs\/Teleferico-qtzxtwlnqiwikz12n3ijsnxlwthprdc9nnl41rzih4.jpg\" title=\"Telef\u00e9rico\" alt=\"Telef\u00e9rico\" loading=\"lazy\" \/><\/figure><div class=\"elementor-image-box-content\"><h3 class=\"elementor-image-box-title\">Telef\u00e9rico<\/h3><p class=\"elementor-image-box-description\">El telef\u00e9rico de la isla de Madeira ofrece una experiencia inolvidable, uniendo la ciudad de Funchal con el encantador Monte. Durante el trayecto, los pasajeros disfrutan de impresionantes vistas panor\u00e1micas de la ciudad, el mar y la exuberante vegetaci\u00f3n de la isla. Este viaje en telef\u00e9rico no s\u00f3lo proporciona una forma relajante y panor\u00e1mica de explorar Madeira, sino que tambi\u00e9n es una oportunidad \u00fanica para apreciar la belleza natural y la diversidad paisaj\u00edstica de este destino paradis\u00edaco.<\/p><\/div><\/div>\t\t\t\t<\/div>\n\t\t\t\t<\/div>\n\t\t\t\t\t<\/div>\n\t\t\t\t<\/div>\n\t\t\t\t\t\t\t\t<\/div>\n\t\t\t\t\t\t\t\t\t\t\t<div class=\"swiper-slide\" data-slide=\"7\" role=\"group\" aria-roledescription=\"slide\" aria-label=\"7 of 7\">\n\t\t\t\t\t\t\t<div class=\"elementor-element elementor-element-cf79444 e-flex e-con-boxed e-con e-child\" data-id=\"cf79444\" data-element_type=\"container\">\n\t\t\t\t\t<div class=\"e-con-inner\">\n\t\t\t\t<div class=\"elementor-element elementor-element-4800997 elementor-widget__width-initial elementor-position-top elementor-widget elementor-widget-image-box\" data-id=\"4800997\" data-element_type=\"widget\" data-widget_type=\"image-box.default\">\n\t\t\t\t<div class=\"elementor-widget-container\">\n\t\t\t\t\t<div class=\"elementor-image-box-wrapper\"><figure class=\"elementor-image-box-img\"><img decoding=\"async\" src=\"https:\/\/www.goldenresidencehotel.com.pt\/wp-content\/uploads\/sites\/27\/elementor\/thumbs\/Golf-qtzxtwlnqiwikz12n3ijsnxlwthprdc9nnl41rzih4.jpg\" title=\"Golf\" alt=\"Golf\" loading=\"lazy\" \/><\/figure><div class=\"elementor-image-box-content\"><h3 class=\"elementor-image-box-title\">Golf<\/h3><p class=\"elementor-image-box-description\">El clima suave de las dos islas, ideal para jugar al golf todo el a\u00f1o, y los paisajes de excepcional belleza, han hecho posible la construcci\u00f3n de dos campos de golf en Madeira y uno en Porto Santo. Desde 1993, el Open de Madeira, parte integrante del PGA European Tour, se celebra en el archipi\u00e9lago a principios de primavera.<\/p><\/div><\/div>\t\t\t\t<\/div>\n\t\t\t\t<\/div>\n\t\t\t\t\t<\/div>\n\t\t\t\t<\/div>\n\t\t\t\t\t\t\t\t<\/div>\n\t\t\t\t\t\t\t\t<\/div>\n\t\t<\/div>\n\t\t\t\t\t\t<\/div>\n\t\t\t\t<\/div>\n\t\t\t\t<\/div>\n\t\t\t\t<\/div>\n\t\t<div class=\"elementor-element elementor-element-e036ed8 e-con-full e-flex e-con e-parent\" data-id=\"e036ed8\" data-element_type=\"container\">\n\t\t\t\t<div class=\"elementor-element elementor-element-6595041 elementor-widget elementor-widget-heading\" data-id=\"6595041\" data-element_type=\"widget\" data-widget_type=\"heading.default\">\n\t\t\t\t<div class=\"elementor-widget-container\">\n\t\t\t\t\t<h5 class=\"elementor-heading-title elementor-size-default\">C\u00f3mo llegar al Hotel\n<\/h5>\t\t\t\t<\/div>\n\t\t\t\t<\/div>\n\t\t\t\t<\/div>\n\t\t<section class=\"elementor-element elementor-element-37fa7d5 e-con-full e-flex e-con e-parent\" data-id=\"37fa7d5\" data-element_type=\"container\">\n\t\t\t\t<div class=\"elementor-element elementor-element-20c5b52 elementor-widget__width-initial elementor-view-default elementor-position-top elementor-mobile-position-top elementor-widget elementor-widget-icon-box\" data-id=\"20c5b52\" data-element_type=\"widget\" data-widget_type=\"icon-box.default\">\n\t\t\t\t<div class=\"elementor-widget-container\">\n\t\t\t\t\t\t\t<div class=\"elementor-icon-box-wrapper\">\n\n\t\t\t\t\t\t<div class=\"elementor-icon-box-icon\">\n\t\t\t\t<span  class=\"elementor-icon\">\n\t\t\t\t<i aria-hidden=\"true\" class=\"fal fa-plane\"><\/i>\t\t\t\t<\/span>\n\t\t\t<\/div>\n\t\t\t\n\t\t\t\t\t\t<div class=\"elementor-icon-box-content\">\n\n\t\t\t\t\t\t\t\t\t<h3 class=\"elementor-icon-box-title\">\n\t\t\t\t\t\t<span  >\n\t\t\t\t\t\t\tAvi\u00f3n\t\t\t\t\t\t<\/span>\n\t\t\t\t\t<\/h3>\n\t\t\t\t\n\t\t\t\t\t\t\t\t\t<p class=\"elementor-icon-box-description\">\n\t\t\t\t\t\tConectado a 45 aeropuertos y con capacidad para 3.500.000 pasajeros, el Aeropuerto de Madeira es una infraestructura moderna, segura y funcional donde la disponibilidad y la calidad de los servicios garantizan una excelente estancia a sus pasajeros.\nLas conexiones diarias entre las ciudades de Lisboa y Funchal duran 1h25m.\nLas conexiones diarias entre las islas duran unos 15 minutos.\nHay dos aeropuertos en el archipi\u00e9lago: el Aeropuerto Internacional de Madeira y el Aeropuerto de Porto Santo.\nEl hotel dispone de informaci\u00f3n actualizada sobre los vuelos que llegan y salen de Funchal y tambi\u00e9n puede organizar traslados para los hu\u00e9spedes. P\u00f3ngase en contacto con la recepci\u00f3n o solicite m\u00e1s informaci\u00f3n.\n\t\t\t\t\t<\/p>\n\t\t\t\t\n\t\t\t<\/div>\n\t\t\t\n\t\t<\/div>\n\t\t\t\t\t\t<\/div>\n\t\t\t\t<\/div>\n\t\t\t\t<div class=\"elementor-element elementor-element-d1659ab elementor-widget__width-initial elementor-view-default elementor-position-top elementor-mobile-position-top elementor-widget elementor-widget-icon-box\" data-id=\"d1659ab\" data-element_type=\"widget\" data-widget_type=\"icon-box.default\">\n\t\t\t\t<div class=\"elementor-widget-container\">\n\t\t\t\t\t\t\t<div class=\"elementor-icon-box-wrapper\">\n\n\t\t\t\t\t\t<div class=\"elementor-icon-box-icon\">\n\t\t\t\t<span  class=\"elementor-icon\">\n\t\t\t\t<i aria-hidden=\"true\" class=\"fal fa-bus-alt\"><\/i>\t\t\t\t<\/span>\n\t\t\t<\/div>\n\t\t\t\n\t\t\t\t\t\t<div class=\"elementor-icon-box-content\">\n\n\t\t\t\t\t\t\t\t\t<h3 class=\"elementor-icon-box-title\">\n\t\t\t\t\t\t<span  >\n\t\t\t\t\t\t\tBus\t\t\t\t\t\t<\/span>\n\t\t\t\t\t<\/h3>\n\t\t\t\t\n\t\t\t\t\t\t\t\t\t<p class=\"elementor-icon-box-description\">\n\t\t\t\t\t\tSi prefiere utilizar el transporte p\u00fablico, hay varias compa\u00f1\u00edas de autobuses que pueden llevarle a las atracciones tur\u00edsticas m\u00e1s importantes de forma m\u00e1s econ\u00f3mica.\nTodas estas empresas tienen sus terminales en Funchal, por lo que son f\u00e1cilmente accesibles.\t\t\t\t\t<\/p>\n\t\t\t\t\n\t\t\t<\/div>\n\t\t\t\n\t\t<\/div>\n\t\t\t\t\t\t<\/div>\n\t\t\t\t<\/div>\n\t\t\t\t<div class=\"elementor-element elementor-element-6dc7245 elementor-widget__width-initial elementor-view-default elementor-position-top elementor-mobile-position-top elementor-widget elementor-widget-icon-box\" data-id=\"6dc7245\" data-element_type=\"widget\" data-widget_type=\"icon-box.default\">\n\t\t\t\t<div class=\"elementor-widget-container\">\n\t\t\t\t\t\t\t<div class=\"elementor-icon-box-wrapper\">\n\n\t\t\t\t\t\t<div class=\"elementor-icon-box-icon\">\n\t\t\t\t<span  class=\"elementor-icon\">\n\t\t\t\t<i aria-hidden=\"true\" class=\"fal fa-taxi\"><\/i>\t\t\t\t<\/span>\n\t\t\t<\/div>\n\t\t\t\n\t\t\t\t\t\t<div class=\"elementor-icon-box-content\">\n\n\t\t\t\t\t\t\t\t\t<h3 class=\"elementor-icon-box-title\">\n\t\t\t\t\t\t<span  >\n\t\t\t\t\t\t\tTaxi\t\t\t\t\t\t<\/span>\n\t\t\t\t\t<\/h3>\n\t\t\t\t\n\t\t\t\t\t\t\t\t\t<p class=\"elementor-icon-box-description\">\n\t\t\t\t\t\tHay taxis en los aeropuertos de Madeira y Porto Santo, en los principales hoteles y en varias calles y plazas. Pida informaci\u00f3n sobre las tarifas antes de coger un taxi.\t\t\t\t\t<\/p>\n\t\t\t\t\n\t\t\t<\/div>\n\t\t\t\n\t\t<\/div>\n\t\t\t\t\t\t<\/div>\n\t\t\t\t<\/div>\n\t\t\t\t<div class=\"elementor-element elementor-element-262a63b elementor-widget__width-initial elementor-view-default elementor-position-top elementor-mobile-position-top elementor-widget elementor-widget-icon-box\" data-id=\"262a63b\" data-element_type=\"widget\" data-widget_type=\"icon-box.default\">\n\t\t\t\t<div class=\"elementor-widget-container\">\n\t\t\t\t\t\t\t<div class=\"elementor-icon-box-wrapper\">\n\n\t\t\t\t\t\t<div class=\"elementor-icon-box-icon\">\n\t\t\t\t<span  class=\"elementor-icon\">\n\t\t\t\t<i aria-hidden=\"true\" class=\"fal fa-cars\"><\/i>\t\t\t\t<\/span>\n\t\t\t<\/div>\n\t\t\t\n\t\t\t\t\t\t<div class=\"elementor-icon-box-content\">\n\n\t\t\t\t\t\t\t\t\t<h3 class=\"elementor-icon-box-title\">\n\t\t\t\t\t\t<span  >\n\t\t\t\t\t\t\tRent-a-car\t\t\t\t\t\t<\/span>\n\t\t\t\t\t<\/h3>\n\t\t\t\t\n\t\t\t\t\t\t\t\t\t<p class=\"elementor-icon-box-description\">\n\t\t\t\t\t\tSi no quiere depender de horarios, la isla cuenta con una amplia oferta de empresas de alquiler de coches sin conductor.\nPuedes ponerte en contacto con tu agencia de viajes o con el hotel donde vayas a alojarte.\t\t\t\t\t<\/p>\n\t\t\t\t\n\t\t\t<\/div>\n\t\t\t\n\t\t<\/div>\n\t\t\t\t\t\t<\/div>\n\t\t\t\t<\/div>\n\t\t\t\t<\/section>\n\t\t<section class=\"elementor-element elementor-element-71af052 e-con-full e-flex e-con e-parent\" data-id=\"71af052\" data-element_type=\"container\" id=\"cardstitles\">\n\t\t<div class=\"elementor-element elementor-element-d613357 e-con-full e-flex e-con e-child\" data-id=\"d613357\" data-element_type=\"container\">\n\t\t<div class=\"elementor-element elementor-element-97f47e6 e-con-full e-flex e-con e-child\" data-id=\"97f47e6\" data-element_type=\"container\">\n\t\t<div class=\"elementor-element elementor-element-2a90fad e-con-full e-flex e-con e-child\" data-id=\"2a90fad\" data-element_type=\"container\">\n\t\t\t\t<div class=\"elementor-element elementor-element-a5afca3 elementor-widget elementor-widget-heading\" data-id=\"a5afca3\" data-element_type=\"widget\" data-widget_type=\"heading.default\">\n\t\t\t\t<div class=\"elementor-widget-container\">\n\t\t\t\t\t<h2 class=\"elementor-heading-title elementor-size-default\">Eventos<\/h2>\t\t\t\t<\/div>\n\t\t\t\t<\/div>\n\t\t\t\t<div class=\"elementor-element elementor-element-217b1b5 elementor-widget elementor-widget-heading\" data-id=\"217b1b5\" data-element_type=\"widget\" data-widget_type=\"heading.default\">\n\t\t\t\t<div class=\"elementor-widget-container\">\n\t\t\t\t\t<h2 class=\"elementor-heading-title elementor-size-default\">en Madeira<\/h2>\t\t\t\t<\/div>\n\t\t\t\t<\/div>\n\t\t\t\t<\/div>\n\t\t\t\t<\/div>\n\t\t<div class=\"elementor-element elementor-element-7da17e2 e-con-full e-flex e-con e-child\" data-id=\"7da17e2\" data-element_type=\"container\">\n\t\t\t\t<div class=\"elementor-element elementor-element-3ad7540 elementor-widget elementor-widget-n-carousel\" data-id=\"3ad7540\" data-element_type=\"widget\" data-settings=\"{&quot;carousel_items&quot;:[{&quot;slide_title&quot;:&quot;Slide #1&quot;,&quot;_id&quot;:&quot;bc1ad8d&quot;},{&quot;slide_title&quot;:&quot;Slide #2&quot;,&quot;_id&quot;:&quot;817f723&quot;},{&quot;slide_title&quot;:&quot;Slide #3&quot;,&quot;_id&quot;:&quot;ecee611&quot;}],&quot;slides_to_show&quot;:&quot;3&quot;,&quot;image_spacing_custom&quot;:{&quot;unit&quot;:&quot;px&quot;,&quot;size&quot;:30,&quot;sizes&quot;:[]},&quot;slides_to_show_mobile_extra&quot;:&quot;1&quot;,&quot;slides_to_scroll_mobile_extra&quot;:&quot;1&quot;,&quot;slides_to_show_tablet&quot;:&quot;2&quot;,&quot;slides_to_show_mobile&quot;:&quot;1&quot;,&quot;autoplay&quot;:&quot;yes&quot;,&quot;autoplay_speed&quot;:5000,&quot;pause_on_hover&quot;:&quot;yes&quot;,&quot;pause_on_interaction&quot;:&quot;yes&quot;,&quot;speed&quot;:500,&quot;image_spacing_custom_tablet_extra&quot;:{&quot;unit&quot;:&quot;px&quot;,&quot;size&quot;:&quot;&quot;,&quot;sizes&quot;:[]},&quot;image_spacing_custom_tablet&quot;:{&quot;unit&quot;:&quot;px&quot;,&quot;size&quot;:&quot;&quot;,&quot;sizes&quot;:[]},&quot;image_spacing_custom_mobile_extra&quot;:{&quot;unit&quot;:&quot;px&quot;,&quot;size&quot;:&quot;&quot;,&quot;sizes&quot;:[]},&quot;image_spacing_custom_mobile&quot;:{&quot;unit&quot;:&quot;px&quot;,&quot;size&quot;:&quot;&quot;,&quot;sizes&quot;:[]}}\" data-widget_type=\"nested-carousel.default\">\n\t\t\t\t<div class=\"elementor-widget-container\">\n\t\t\t\t\t\t\t<div class=\"e-n-carousel swiper\" role=\"region\" aria-roledescription=\"carousel\" aria-label=\"Carrusel\" dir=\"ltr\">\n\t\t\t<div class=\"swiper-wrapper\" aria-live=\"off\">\n\t\t\t\t\t\t\t\t\t\t<div class=\"swiper-slide\" data-slide=\"1\" role=\"group\" aria-roledescription=\"slide\" aria-label=\"1 of 3\">\n\t\t\t\t\t\t\t<div class=\"elementor-element elementor-element-40632e3 e-flex e-con-boxed e-con e-child\" data-id=\"40632e3\" data-element_type=\"container\">\n\t\t\t\t\t<div class=\"e-con-inner\">\n\t\t<div class=\"elementor-element elementor-element-f5bd011 e-con-full e-flex e-con e-child\" data-id=\"f5bd011\" data-element_type=\"container\">\n\t\t\t\t<div class=\"elementor-element elementor-element-05e60f6 elementor-widget__width-initial elementor-position-top elementor-widget elementor-widget-image-box\" data-id=\"05e60f6\" data-element_type=\"widget\" data-widget_type=\"image-box.default\">\n\t\t\t\t<div class=\"elementor-widget-container\">\n\t\t\t\t\t<div class=\"elementor-image-box-wrapper\"><figure class=\"elementor-image-box-img\"><img fetchpriority=\"high\" decoding=\"async\" width=\"402\" height=\"500\" src=\"https:\/\/www.goldenresidencehotel.com.pt\/wp-content\/uploads\/sites\/27\/2024\/07\/Walking.jpg\" class=\"attachment-full size-full wp-image-21071\" alt=\"Walking\" srcset=\"https:\/\/www.goldenresidencehotel.com.pt\/wp-content\/uploads\/sites\/27\/2024\/07\/Walking.jpg 402w, https:\/\/www.goldenresidencehotel.com.pt\/wp-content\/uploads\/sites\/27\/2024\/07\/Walking-241x300.jpg 241w\" sizes=\"(max-width: 402px) 100vw, 402px\" \/><\/figure><div class=\"elementor-image-box-content\"><h3 class=\"elementor-image-box-title\">Madeira Walking Festival<\/h3><p class=\"elementor-image-box-description\">Si le gusta caminar, venga a Madeira en enero y participe en un festival que le llevar\u00e1 a descubrir paisajes impresionantes. Este evento, que se desarrolla durante cinco d\u00edas consecutivos por las levadas y senderos de las islas de Madeira y Porto Santo, es un programa organizado de paseos en grupo acompa\u00f1ados por gu\u00edas expertos.\nHay 20 rutas de senderismo seleccionadas, todas ellas clasificadas y recomendadas por el Gobierno Regional de Madeira. Los participantes pueden elegir entre cuatro paseos diarios con distintos niveles de dificultad y duraci\u00f3n.<\/p><\/div><\/div>\t\t\t\t<\/div>\n\t\t\t\t<\/div>\n\t\t\t\t<\/div>\n\t\t\t\t\t<\/div>\n\t\t\t\t<\/div>\n\t\t\t\t\t\t\t\t<\/div>\n\t\t\t\t\t\t\t\t\t\t\t<div class=\"swiper-slide\" data-slide=\"2\" role=\"group\" aria-roledescription=\"slide\" aria-label=\"2 of 3\">\n\t\t\t\t\t\t\t<div class=\"elementor-element elementor-element-036c9fe e-flex e-con-boxed e-con e-child\" data-id=\"036c9fe\" data-element_type=\"container\">\n\t\t\t\t\t<div class=\"e-con-inner\">\n\t\t\t\t<div class=\"elementor-element elementor-element-fe52e3f elementor-widget__width-initial elementor-position-top elementor-widget elementor-widget-image-box\" data-id=\"fe52e3f\" data-element_type=\"widget\" data-widget_type=\"image-box.default\">\n\t\t\t\t<div class=\"elementor-widget-container\">\n\t\t\t\t\t<div class=\"elementor-image-box-wrapper\"><figure class=\"elementor-image-box-img\"><img decoding=\"async\" width=\"402\" height=\"500\" src=\"https:\/\/www.goldenresidencehotel.com.pt\/wp-content\/uploads\/sites\/27\/2024\/07\/Festas-da-Flor.jpg\" class=\"attachment-full size-full wp-image-21076\" alt=\"Festas da Flor\" srcset=\"https:\/\/www.goldenresidencehotel.com.pt\/wp-content\/uploads\/sites\/27\/2024\/07\/Festas-da-Flor.jpg 402w, https:\/\/www.goldenresidencehotel.com.pt\/wp-content\/uploads\/sites\/27\/2024\/07\/Festas-da-Flor-241x300.jpg 241w\" sizes=\"(max-width: 402px) 100vw, 402px\" \/><\/figure><div class=\"elementor-image-box-content\"><h3 class=\"elementor-image-box-title\">Festas da Flor<\/h3><p class=\"elementor-image-box-description\">Todos los a\u00f1os se celebran fiestas en honor de las flores de Madeira.\nCon motivo de la Fiesta de las Flores, las principales calles de Funchal se ven invadidas por un desfile de carrozas que exhiben multitud de especies florales, dejando suaves perfumes en el aire.\nEn la v\u00edspera del desfile floral, miles de ni\u00f1os se re\u00fanen en la Pra\u00e7a do Munic\u00edpio, donde depositan una flor para construir el llamado \"Muro de la Esperanza\".\nA estos actos se suman diversas iniciativas, como la construcci\u00f3n de alfombras florales, la Exposici\u00f3n de Flores en el Largo da Restaura\u00e7\u00e3o, actuaciones de grupos folcl\u00f3ricos, conciertos de m\u00fasica cl\u00e1sica y diversos espect\u00e1culos de variedades.<\/p><\/div><\/div>\t\t\t\t<\/div>\n\t\t\t\t<\/div>\n\t\t\t\t\t<\/div>\n\t\t\t\t<\/div>\n\t\t\t\t\t\t\t\t<\/div>\n\t\t\t\t\t\t\t\t\t\t\t<div class=\"swiper-slide\" data-slide=\"3\" role=\"group\" aria-roledescription=\"slide\" aria-label=\"3 of 3\">\n\t\t\t\t\t\t\t<div class=\"elementor-element elementor-element-cb0a4df e-flex e-con-boxed e-con e-child\" data-id=\"cb0a4df\" data-element_type=\"container\">\n\t\t\t\t\t<div class=\"e-con-inner\">\n\t\t<div class=\"elementor-element elementor-element-81c08d2 e-con-full e-flex e-con e-child\" data-id=\"81c08d2\" data-element_type=\"container\">\n\t\t\t\t<div class=\"elementor-element elementor-element-5bfb2c2 elementor-widget__width-initial elementor-position-top elementor-widget elementor-widget-image-box\" data-id=\"5bfb2c2\" data-element_type=\"widget\" data-widget_type=\"image-box.default\">\n\t\t\t\t<div class=\"elementor-widget-container\">\n\t\t\t\t\t<div class=\"elementor-image-box-wrapper\"><figure class=\"elementor-image-box-img\"><img decoding=\"async\" width=\"402\" height=\"500\" src=\"https:\/\/www.goldenresidencehotel.com.pt\/wp-content\/uploads\/sites\/27\/2024\/07\/Fim-de-ano.jpg\" class=\"attachment-full size-full wp-image-21081\" alt=\"Fim de ano\" srcset=\"https:\/\/www.goldenresidencehotel.com.pt\/wp-content\/uploads\/sites\/27\/2024\/07\/Fim-de-ano.jpg 402w, https:\/\/www.goldenresidencehotel.com.pt\/wp-content\/uploads\/sites\/27\/2024\/07\/Fim-de-ano-241x300.jpg 241w\" sizes=\"(max-width: 402px) 100vw, 402px\" \/><\/figure><div class=\"elementor-image-box-content\"><h3 class=\"elementor-image-box-title\">Fim de Ano na Madeira<\/h3><p class=\"elementor-image-box-description\">Al sonar las doce del 31 de diciembre, los cielos se iluminan con fuego, color y esperanza para el a\u00f1o que comienza, que no podr\u00eda empezar mejor. Guinness World RecordsTM, la organizaci\u00f3n que certifica los r\u00e9cords mundiales, concedi\u00f3 al espect\u00e1culo pirot\u00e9cnico de Nochevieja de Madeira el t\u00edtulo de \"mayor espect\u00e1culo pirot\u00e9cnico del mundo\". Una elipse de fuegos artificiales de 6 kil\u00f3metros de largo y 2,7 kil\u00f3metros de ancho alrededor de la ciudad de Funchal fue el r\u00e9cord alcanzado.<\/p><\/div><\/div>\t\t\t\t<\/div>\n\t\t\t\t<\/div>\n\t\t\t\t<\/div>\n\t\t\t\t\t<\/div>\n\t\t\t\t<\/div>\n\t\t\t\t\t\t\t\t<\/div>\n\t\t\t\t\t\t\t\t<\/div>\n\t\t<\/div>\n\t\t\t\t\t\t<\/div>\n\t\t\t\t<\/div>\n\t\t\t\t<\/div>\n\t\t\t\t<\/div>\n\t\t\t\t<\/section>\n\t\t\t\t<\/div>\n\t\t","protected":false},"excerpt":{"rendered":"<p>Madeira Situada en el oc\u00e9ano Atl\u00e1ntico, la isla de Madeira es conocida por sus impresionantes paisajes y su clima suave durante todo el a\u00f1o. Con sus impresionantes acantilados, bosques y flores ex\u00f3ticas, Madeira es un destino de ensue\u00f1o para los amantes de la naturaleza. La capital, Funchal, es una ciudad vibrante que mezcla historia y [&hellip;]<\/p>\n","protected":false},"author":1,"featured_media":0,"parent":0,"menu_order":0,"comment_status":"closed","ping_status":"closed","template":"","meta":{"_acf_changed":false,"footnotes":""},"class_list":["post-7031","page","type-page","status-publish","hentry"],"acf":[],"yoast_head":"<!-- This site is optimized with the Yoast SEO plugin v24.5 - https:\/\/yoast.com\/wordpress\/plugins\/seo\/ -->\n<title>Madeira - Golden Residence<\/title>\n<meta name=\"description\" content=\"Hotel na Madeira com localiza\u00e7\u00e3o privilegiada. Melhor pre\u00e7o. Consulte as nossas promo\u00e7\u00f5es e vantagens. Desfrute de uma estadia inesquec\u00edvel.\" \/>\n<meta name=\"robots\" content=\"index, follow, max-snippet:-1, max-image-preview:large, max-video-preview:-1\" \/>\n<link rel=\"canonical\" href=\"https:\/\/www.goldenresidencehotel.com.pt\/es\/madeira\/\" \/>\n<meta property=\"og:locale\" content=\"es_ES\" \/>\n<meta property=\"og:type\" content=\"article\" \/>\n<meta property=\"og:title\" content=\"Madeira - Golden Residence\" \/>\n<meta property=\"og:description\" content=\"Hotel na Madeira com localiza\u00e7\u00e3o privilegiada. Melhor pre\u00e7o. Consulte as nossas promo\u00e7\u00f5es e vantagens. Desfrute de uma estadia inesquec\u00edvel.\" \/>\n<meta property=\"og:url\" content=\"https:\/\/www.goldenresidencehotel.com.pt\/es\/madeira\/\" \/>\n<meta property=\"og:site_name\" content=\"Golden Residence\" \/>\n<meta property=\"article:publisher\" content=\"https:\/\/www.facebook.com\/hotelgoldenresidence\/\" \/>\n<meta property=\"article:modified_time\" content=\"2024-08-21T17:53:25+00:00\" \/>\n<meta property=\"og:image\" content=\"https:\/\/www.goldenresidencehotel.com.pt\/wp-content\/uploads\/sites\/27\/elementor\/thumbs\/Funchal-qrhx8bypve05kgh2aho1mt16uzjcj8zc6h8bm8xz40.jpg\" \/>\n<meta name=\"twitter:card\" content=\"summary_large_image\" \/>\n<meta name=\"twitter:label1\" content=\"Tiempo de lectura\" \/>\n\t<meta name=\"twitter:data1\" content=\"14 minutos\" \/>\n<script type=\"application\/ld+json\" class=\"yoast-schema-graph\">{\"@context\":\"https:\/\/schema.org\",\"@graph\":[{\"@type\":\"WebPage\",\"@id\":\"https:\/\/www.goldenresidencehotel.com.pt\/es\/madeira\/\",\"url\":\"https:\/\/www.goldenresidencehotel.com.pt\/es\/madeira\/\",\"name\":\"Madeira - Golden Residence\",\"isPartOf\":{\"@id\":\"https:\/\/www.goldenresidencehotel.com.pt\/es\/#website\"},\"primaryImageOfPage\":{\"@id\":\"https:\/\/www.goldenresidencehotel.com.pt\/es\/madeira\/#primaryimage\"},\"image\":{\"@id\":\"https:\/\/www.goldenresidencehotel.com.pt\/es\/madeira\/#primaryimage\"},\"thumbnailUrl\":\"https:\/\/www.goldenresidencehotel.com.pt\/wp-content\/uploads\/sites\/27\/elementor\/thumbs\/Funchal-qrhx8bypve05kgh2aho1mt16uzjcj8zc6h8bm8xz40.jpg\",\"datePublished\":\"2023-12-19T12:17:38+00:00\",\"dateModified\":\"2024-08-21T17:53:25+00:00\",\"description\":\"Hotel na Madeira com localiza\u00e7\u00e3o privilegiada. Melhor pre\u00e7o. Consulte as nossas promo\u00e7\u00f5es e vantagens. Desfrute de uma estadia inesquec\u00edvel.\",\"breadcrumb\":{\"@id\":\"https:\/\/www.goldenresidencehotel.com.pt\/es\/madeira\/#breadcrumb\"},\"inLanguage\":\"es\",\"potentialAction\":[{\"@type\":\"ReadAction\",\"target\":[\"https:\/\/www.goldenresidencehotel.com.pt\/es\/madeira\/\"]}]},{\"@type\":\"ImageObject\",\"inLanguage\":\"es\",\"@id\":\"https:\/\/www.goldenresidencehotel.com.pt\/es\/madeira\/#primaryimage\",\"url\":\"https:\/\/www.goldenresidencehotel.com.pt\/wp-content\/uploads\/sites\/27\/elementor\/thumbs\/Funchal-qrhx8bypve05kgh2aho1mt16uzjcj8zc6h8bm8xz40.jpg\",\"contentUrl\":\"https:\/\/www.goldenresidencehotel.com.pt\/wp-content\/uploads\/sites\/27\/elementor\/thumbs\/Funchal-qrhx8bypve05kgh2aho1mt16uzjcj8zc6h8bm8xz40.jpg\"},{\"@type\":\"BreadcrumbList\",\"@id\":\"https:\/\/www.goldenresidencehotel.com.pt\/es\/madeira\/#breadcrumb\",\"itemListElement\":[{\"@type\":\"ListItem\",\"position\":1,\"name\":\"In\u00edcio\",\"item\":\"https:\/\/www.goldenresidencehotel.com.pt\/es\/\"},{\"@type\":\"ListItem\",\"position\":2,\"name\":\"Madeira\"}]},{\"@type\":\"WebSite\",\"@id\":\"https:\/\/www.goldenresidencehotel.com.pt\/es\/#website\",\"url\":\"https:\/\/www.goldenresidencehotel.com.pt\/es\/\",\"name\":\"Golden Residence\",\"description\":\"O Golden Residence \u00e9 um hotel de ambiente relaxante e descontra\u00eddo.\",\"publisher\":{\"@id\":\"https:\/\/www.goldenresidencehotel.com.pt\/es\/#organization\"},\"alternateName\":\"Golden Residence Madeira\",\"potentialAction\":[{\"@type\":\"SearchAction\",\"target\":{\"@type\":\"EntryPoint\",\"urlTemplate\":\"https:\/\/www.goldenresidencehotel.com.pt\/es\/?s={search_term_string}\"},\"query-input\":{\"@type\":\"PropertyValueSpecification\",\"valueRequired\":true,\"valueName\":\"search_term_string\"}}],\"inLanguage\":\"es\"},{\"@type\":\"Organization\",\"@id\":\"https:\/\/www.goldenresidencehotel.com.pt\/es\/#organization\",\"name\":\"Golden Residence\",\"alternateName\":\"Golden Residence Madeira\",\"url\":\"https:\/\/www.goldenresidencehotel.com.pt\/es\/\",\"logo\":{\"@type\":\"ImageObject\",\"inLanguage\":\"es\",\"@id\":\"https:\/\/www.goldenresidencehotel.com.pt\/es\/#\/schema\/logo\/image\/\",\"url\":\"https:\/\/www.goldenresidencehotel.com.pt\/wp-content\/uploads\/sites\/27\/2023\/11\/GoldenResidence_Logo.svg\",\"contentUrl\":\"https:\/\/www.goldenresidencehotel.com.pt\/wp-content\/uploads\/sites\/27\/2023\/11\/GoldenResidence_Logo.svg\",\"width\":1,\"height\":1,\"caption\":\"Golden Residence\"},\"image\":{\"@id\":\"https:\/\/www.goldenresidencehotel.com.pt\/es\/#\/schema\/logo\/image\/\"},\"sameAs\":[\"https:\/\/www.facebook.com\/hotelgoldenresidence\/\",\"https:\/\/www.linkedin.com\/company\/hoti-hoteis\/\",\"https:\/\/www.tripadvisor.pt\/UserReviewEdit-g189167-d807341-Golden_Residence-Funchal_Madeira_Madeira_Islands.html\"]}]}<\/script>\n<!-- \/ Yoast SEO plugin. -->","yoast_head_json":{"title":"Madeira - Golden Residence","description":"Hotel na Madeira com localiza\u00e7\u00e3o privilegiada. Melhor pre\u00e7o. Consulte as nossas promo\u00e7\u00f5es e vantagens. Desfrute de uma estadia inesquec\u00edvel.","robots":{"index":"index","follow":"follow","max-snippet":"max-snippet:-1","max-image-preview":"max-image-preview:large","max-video-preview":"max-video-preview:-1"},"canonical":"https:\/\/www.goldenresidencehotel.com.pt\/es\/madeira\/","og_locale":"es_ES","og_type":"article","og_title":"Madeira - Golden Residence","og_description":"Hotel na Madeira com localiza\u00e7\u00e3o privilegiada. Melhor pre\u00e7o. Consulte as nossas promo\u00e7\u00f5es e vantagens. Desfrute de uma estadia inesquec\u00edvel.","og_url":"https:\/\/www.goldenresidencehotel.com.pt\/es\/madeira\/","og_site_name":"Golden Residence","article_publisher":"https:\/\/www.facebook.com\/hotelgoldenresidence\/","article_modified_time":"2024-08-21T17:53:25+00:00","og_image":[{"url":"https:\/\/www.goldenresidencehotel.com.pt\/wp-content\/uploads\/sites\/27\/elementor\/thumbs\/Funchal-qrhx8bypve05kgh2aho1mt16uzjcj8zc6h8bm8xz40.jpg","type":"","width":"","height":""}],"twitter_card":"summary_large_image","twitter_misc":{"Tiempo de lectura":"14 minutos"},"schema":{"@context":"https:\/\/schema.org","@graph":[{"@type":"WebPage","@id":"https:\/\/www.goldenresidencehotel.com.pt\/es\/madeira\/","url":"https:\/\/www.goldenresidencehotel.com.pt\/es\/madeira\/","name":"Madeira - Golden Residence","isPartOf":{"@id":"https:\/\/www.goldenresidencehotel.com.pt\/es\/#website"},"primaryImageOfPage":{"@id":"https:\/\/www.goldenresidencehotel.com.pt\/es\/madeira\/#primaryimage"},"image":{"@id":"https:\/\/www.goldenresidencehotel.com.pt\/es\/madeira\/#primaryimage"},"thumbnailUrl":"https:\/\/www.goldenresidencehotel.com.pt\/wp-content\/uploads\/sites\/27\/elementor\/thumbs\/Funchal-qrhx8bypve05kgh2aho1mt16uzjcj8zc6h8bm8xz40.jpg","datePublished":"2023-12-19T12:17:38+00:00","dateModified":"2024-08-21T17:53:25+00:00","description":"Hotel na Madeira com localiza\u00e7\u00e3o privilegiada. Melhor pre\u00e7o. Consulte as nossas promo\u00e7\u00f5es e vantagens. Desfrute de uma estadia inesquec\u00edvel.","breadcrumb":{"@id":"https:\/\/www.goldenresidencehotel.com.pt\/es\/madeira\/#breadcrumb"},"inLanguage":"es","potentialAction":[{"@type":"ReadAction","target":["https:\/\/www.goldenresidencehotel.com.pt\/es\/madeira\/"]}]},{"@type":"ImageObject","inLanguage":"es","@id":"https:\/\/www.goldenresidencehotel.com.pt\/es\/madeira\/#primaryimage","url":"https:\/\/www.goldenresidencehotel.com.pt\/wp-content\/uploads\/sites\/27\/elementor\/thumbs\/Funchal-qrhx8bypve05kgh2aho1mt16uzjcj8zc6h8bm8xz40.jpg","contentUrl":"https:\/\/www.goldenresidencehotel.com.pt\/wp-content\/uploads\/sites\/27\/elementor\/thumbs\/Funchal-qrhx8bypve05kgh2aho1mt16uzjcj8zc6h8bm8xz40.jpg"},{"@type":"BreadcrumbList","@id":"https:\/\/www.goldenresidencehotel.com.pt\/es\/madeira\/#breadcrumb","itemListElement":[{"@type":"ListItem","position":1,"name":"In\u00edcio","item":"https:\/\/www.goldenresidencehotel.com.pt\/es\/"},{"@type":"ListItem","position":2,"name":"Madeira"}]},{"@type":"WebSite","@id":"https:\/\/www.goldenresidencehotel.com.pt\/es\/#website","url":"https:\/\/www.goldenresidencehotel.com.pt\/es\/","name":"Golden Residence","description":"O Golden Residence \u00e9 um hotel de ambiente relaxante e descontra\u00eddo.","publisher":{"@id":"https:\/\/www.goldenresidencehotel.com.pt\/es\/#organization"},"alternateName":"Golden Residence Madeira","potentialAction":[{"@type":"SearchAction","target":{"@type":"EntryPoint","urlTemplate":"https:\/\/www.goldenresidencehotel.com.pt\/es\/?s={search_term_string}"},"query-input":{"@type":"PropertyValueSpecification","valueRequired":true,"valueName":"search_term_string"}}],"inLanguage":"es"},{"@type":"Organization","@id":"https:\/\/www.goldenresidencehotel.com.pt\/es\/#organization","name":"Golden Residence","alternateName":"Golden Residence Madeira","url":"https:\/\/www.goldenresidencehotel.com.pt\/es\/","logo":{"@type":"ImageObject","inLanguage":"es","@id":"https:\/\/www.goldenresidencehotel.com.pt\/es\/#\/schema\/logo\/image\/","url":"https:\/\/www.goldenresidencehotel.com.pt\/wp-content\/uploads\/sites\/27\/2023\/11\/GoldenResidence_Logo.svg","contentUrl":"https:\/\/www.goldenresidencehotel.com.pt\/wp-content\/uploads\/sites\/27\/2023\/11\/GoldenResidence_Logo.svg","width":1,"height":1,"caption":"Golden Residence"},"image":{"@id":"https:\/\/www.goldenresidencehotel.com.pt\/es\/#\/schema\/logo\/image\/"},"sameAs":["https:\/\/www.facebook.com\/hotelgoldenresidence\/","https:\/\/www.linkedin.com\/company\/hoti-hoteis\/","https:\/\/www.tripadvisor.pt\/UserReviewEdit-g189167-d807341-Golden_Residence-Funchal_Madeira_Madeira_Islands.html"]}]}},"_links":{"self":[{"href":"https:\/\/www.goldenresidencehotel.com.pt\/es\/wp-json\/wp\/v2\/pages\/7031","targetHints":{"allow":["GET"]}}],"collection":[{"href":"https:\/\/www.goldenresidencehotel.com.pt\/es\/wp-json\/wp\/v2\/pages"}],"about":[{"href":"https:\/\/www.goldenresidencehotel.com.pt\/es\/wp-json\/wp\/v2\/types\/page"}],"author":[{"embeddable":true,"href":"https:\/\/www.goldenresidencehotel.com.pt\/es\/wp-json\/wp\/v2\/users\/1"}],"replies":[{"embeddable":true,"href":"https:\/\/www.goldenresidencehotel.com.pt\/es\/wp-json\/wp\/v2\/comments?post=7031"}],"version-history":[{"count":10,"href":"https:\/\/www.goldenresidencehotel.com.pt\/es\/wp-json\/wp\/v2\/pages\/7031\/revisions"}],"predecessor-version":[{"id":23338,"href":"https:\/\/www.goldenresidencehotel.com.pt\/es\/wp-json\/wp\/v2\/pages\/7031\/revisions\/23338"}],"wp:attachment":[{"href":"https:\/\/www.goldenresidencehotel.com.pt\/es\/wp-json\/wp\/v2\/media?parent=7031"}],"curies":[{"name":"wp","href":"https:\/\/api.w.org\/{rel}","templated":true}]}}